{"version":"1.0","provider_name":"Az \u00e9let igenis  habostorta!","provider_url":"https:\/\/pelikanelvtars.cafeblog.hu","author_name":"Pelikanelvtars","author_url":"https:\/\/pelikanelvtars.cafeblog.hu\/author\/pelikanelvtars\/","title":"Furcsa ruh\u00e1ba \u00f6lt\u00f6zik a polg\u00e1rmester","html":"<p style=\"text-align: justify\"><strong>H\u00e9v\u00edz polg\u00e1rmestere minden \u00e9vben, legal\u00e1bb egy napra furcsa ruh\u00e1ba \u00f6lt\u00f6zik. Kem\u00e9nykalappal \u00e9s s\u00e9tap\u00e1lc\u00e1val kez\u00e9ben j\u00e1rja v\u00e9gig a v\u00e1ros utc\u00e1it. Nem boh\u00f3cot csin\u00e1l mag\u00e1b\u00f3l, hanem \u00e9lvezi azt \"szerepj\u00e1t\u00e9kos\" felvonul\u00e1st, amely a \u201eboldog b\u00e9keid\u0151ket\u201d id\u00e9zi. Magyarorsz\u00e1gon ritkas\u00e1g, hogy egy hivatalos szem\u00e9ly ennyire \u201ekivetk\u0151zz\u00f6n mag\u00e1b\u00f3l\u201d \u00e9s a komoly polg\u00e1rmesteri szerep\u00e9b\u0151l egy h\u00e9tk\u00f6znapi turist\u00e1v\u00e1 v\u00e1ltozzon \u00e1t, legal\u00e1bb n\u00e9h\u00e1ny \u00f3r\u00e1ra. A v\u00e1ros els\u0151 embere most a <a href=\"http:\/\/zaol.hu\/programok\/visszaternek-a-boldog-bekeidok-1694923\">megyei \u00fajs\u00e1gnak<\/a> adott err\u0151l interj\u00fat.\u00a0<\/strong><\/p>\r\n[caption id=\"attachment_191\" align=\"aligncenter\" width=\"946\"]<a href=\"https:\/\/pelikanelvtars.cafeblog.hu\/files\/2015\/04\/h\u00e9v\u00edzok.png\"><img class=\"size-full wp-image-191\" src=\"https:\/\/pelikanelvtars.cafeblog.hu\/files\/2015\/04\/h\u00e9v\u00edzok.png\" alt=\"H\u00e9vizen \u00e9s Londonban is divat a cilinder\" width=\"946\" height=\"527\" \/><\/a> H\u00e9vizen \u00e9s Londonban is divat a cilinder[\/caption]\r\n<p style=\"text-align: justify\">\u00a0Ha itthon nem is tal\u00e1lkozhatunk hasonl\u00f3 \u201eszerepj\u00e1t\u00e9kokkal\u201d, mert el\u00f6lj\u00e1r\u00f3ink t\u00fal komolyan veszik magukat, m\u00e1shol az\u00e9rt vannak j\u00f3 p\u00e9ld\u00e1k. Obama p\u00e9ld\u00e1ul gyakran \u00f6lti fel az <a href=\"http:\/\/www.cbssports.com\/collegefootball\/eye-on-college-football\/22207258\/obama-dons-ohio-state-hat-jabs-at-michigan-in-speech\">egyetemi tal\u00e1rt,<\/a> ha di\u00e1kok el\u0151tt sz\u00f3lal fel. De, ha j\u00f3t\u00e9konys\u00e1gi akci\u00f3r\u00f3l van sz\u00f3, akkor <a href=\"http:\/\/richmondsfblog.com\/2012\/04\/04\/photo-president-obama-looking-stylish-in-his-fedora-from-pauls-hat-works\/\">San Francisco zsaruj\u00e1nak<\/a> is sz\u00edvesen be\u00f6lt\u00f6zik. \u00a0A komolyabb esem\u00e9nyek alkalm\u00e1val,\u00a0 nem ritka, hogy Merkel asszony <a href=\"http:\/\/www.bundeskanzlerin.de\/ContentArchiv\/EN\/Archiv17\/Reiseberichte\/af-bk-in-afghanistan.html\">katonai g\u00fany\u00e1t<\/a> visel, <a href=\"http:\/\/www.dailymail.co.uk\/news\/article-2054913\/Europe-war-2018-As-Angela-Merkel-says-euro-meltdown-spark-battle.html\">Putyin<\/a> pedig rendszeresen fot\u00f3ztatja mag\u00e1t, a haditenger\u00e9szet egyenruh\u00e1j\u00e1ban. Tal\u00e1n a h\u00e9v\u00edzi, t\u00f6rt\u00e9nelemi id\u0151utaz\u00e1sra legink\u00e1bb az angol l\u00f3versenyek hasonlatosak, ahol m\u00e9g a <a href=\"http:\/\/www.zimbio.com\/pictures\/eGC-mkzq4BY\/Day+Five+Royal+Ascot+Horse+Races\/DxFqpGkmVwr\/Queen+Elizabeth+II\">kir\u00e1lyi csal\u00e1d<\/a> is cvikkerrel, cilinderrel, s\u00e9tabottal par\u00e1d\u00e9zik. Igaz, az angolok n\u00e9ha t\u00falz\u00e1sba viszik a szerepj\u00e1t\u00e9kokat, n\u00e9h\u00e1ny \u00e9ve <a href=\"http:\/\/www.femina.hu\/vilagsztar\/kiralyicsalad\">Vilmos herceg<\/a> n\u00e1ci tisztnek \u00f6lt\u00f6z\u00f6tt, ami kiverte a biztos\u00edt\u00e9kot Angli\u00e1n k\u00edv\u00fcl is.<\/p>\r\n<p style=\"text-align: justify\">A k\u00f6zszerepl\u0151k mellett, a h\u00e9tk\u00f6znapi emberek is szeretik, ha n\u00e9h\u00e1ny \u00f3r\u00e1ra valaki m\u00e1s b\u0151r\u00e9be b\u00fajhatnak. Ezt bizony\u00edtj\u00e1k a kutat\u00e1sok is. \u00a0A Turisztikai Vil\u00e1gszervezet (UNWTO) elemz\u00e9sei r\u00e1mutatnak arra, hogy az elm\u00falt k\u00e9t \u00e9vtizedben a kultur\u00e1lis turizmus egy\u00e9rtelm\u0171 megatrendk\u00e9nt jelenik meg a vil\u00e1g turisztikai piac\u00e1n. Az UNWTO becsl\u00e9sei szerint a nemzetk\u00f6zi turizmus bev\u00e9teleinek 40 sz\u00e1zal\u00e9ka a kultur\u00e1lis turizmusnak k\u00f6sz\u00f6nhet\u0151. A ki\u00e1ll\u00edt\u00e1sok, \u00e9p\u00edtett \u00f6r\u00f6ks\u00e9g \u00e9s a koncertturizmus mellett, egyre nagyobb szeletet has\u00edtanak ki a piacb\u00f3l az \u00fagynevezett \u201ebe\u00f6lt\u00f6z\u0151s\u201d, szerepj\u00e1t\u00e9kokkal teli esem\u00e9nyek. Ezek k\u00f6z\u00fcl tal\u00e1n a legismertebb a velencei karnev\u00e1l, de egyre t\u00f6bb olyan szerepj\u00e1t\u00e9kokkal teli esem\u00e9ny van Magyarorsz\u00e1gon is, amelyek a k\u00fclf\u00f6ldieket is vonzz\u00e1k. Ilyen p\u00e9ld\u00e1ul a <strong>Boldog B\u00e9keid\u0151k H\u00e9v\u00edze fesztiv\u00e1l, amelyre m\u00e1r a n\u00e9met \u00e9s osztr\u00e1k turist\u00e1k is jelmezben \u00e9rkeznek. \u00a0A rendezv\u00e9ny m\u00e1r tavaly is hozz\u00e1j\u00e1rult ahhoz, hogy a telep\u00fcl\u00e9sre 1 milli\u00f3n\u00e1l t\u00f6bb turista l\u00e1togasson el.<\/strong><\/p>\r\n<p style=\"text-align: justify\">\u201eA 2010-ben ind\u00edtott <strong>Boldog B\u00e9keid\u0151k H\u00e9v\u00edze fesztiv\u00e1l <\/strong>id\u00e9n \u00fcnnepli jubileumi, \u00f6t\u00f6dik sz\u00fclet\u00e9snapj\u00e1t. A fesztiv\u00e1l a kiegyez\u00e9s ut\u00e1ni \u201eboldog b\u00e9keid\u0151k\u201d korszak\u00e1t hivatott feleleven\u00edteni. A 19. sz\u00e1zad v\u00e9g\u00e9t, 20. sz\u00e1zad elej\u00e9t rekonstru\u00e1l\u00f3 rendezv\u00e9ny az osztr\u00e1k \u00e9s n\u00e9met kult\u00fark\u00f6rben is j\u00f3l \u00e9rtelmezhet\u0151. Ennek az id\u0151szaknak egy jelent\u0151s r\u00e9sze k\u00f6z\u00f6s t\u00f6rt\u00e9nelmi m\u00faltk\u00e9nt is felfoghat\u00f3, ez az egyik oka annak, hogy sz\u00edvesen j\u00f6nnek\u00a0 a szomsz\u00e9dos orsz\u00e1gokb\u00f3l erre az esem\u00e9nybe.\u201d \u2013 olvashat\u00f3 a v\u00e1ros k\u00f6zlem\u00e9ny\u00e9ben.<\/p>\r\n<p style=\"text-align: justify\">Ennek a k\u00f6z\u00f6s m\u00faltnak k\u00f6sz\u00f6nhet\u0151, hogy nem csak az itt \u00e9l\u0151k, de egyre t\u00f6bb vend\u00e9g is be\u00f6lt\u00f6zik \u00e9s v\u00e1lik r\u00e9sz\u00e9v\u00e9 az esem\u00e9ny nyit\u00e1nyak\u00e9nt megrendezett karnev\u00e1li, <strong>jelmezes felvonul\u00e1snak<\/strong>. Fess urak, csinos d\u00e1m\u00e1k, huncut kisasszonyok, el\u0151kel\u0151 p\u00e1rok, vid\u00e1m lurk\u00f3k \u00e9s t\u00e1ncosok k\u00e9p\u00e9be b\u00fajnak a turist\u00e1k. S azon sem kell majd meglep\u0151dni, ha lovas hint\u00f3n, vagy \u00e9pp retro bring\u00e1n vonul valaki a t\u00f6megben. Nem csak a jelmezrajong\u00f3k \u00f6r\u00fclhetnek, de a kult\u00fara kedvel\u0151i is, hiszen a gasztron\u00f3miai \u00e9s k\u00e9zm\u0171ves v\u00e1s\u00e1r mellett koncertek \u00e9s el\u0151ad\u00e1sok sora v\u00e1rja az \u00e9rdekl\u0151d\u0151ket.\u00a0Az \u00fcnneps\u00e9g k\u00fcl\u00f6nlegess\u00e9ge, hogy 220 \u00e9ve \u00e9p\u00fclt az els\u0151 f\u00fcrd\u0151\u00e9p\u00fclet a T\u00f3f\u00fcrd\u0151n. A jelent\u0151s \u00e9vfordul\u00f3ra is megeml\u00e9kezik a v\u00e1ros, hiszen ekkor indult el a f\u00fcrd\u0151\u00e9let fejl\u0151d\u00e9se a v\u00e1rosban.<\/p>","type":"rich"}